{"id":5,"date":"2018-12-26T23:15:10","date_gmt":"2018-12-26T22:15:10","guid":{"rendered":"http:\/\/virusmusik.de\/magazin\/?page_id=5"},"modified":"2020-03-27T15:12:55","modified_gmt":"2020-03-27T14:12:55","slug":"5-2","status":"publish","type":"page","link":"http:\/\/virusmusik.de\/magazin\/","title":{"rendered":"Start"},"content":{"rendered":"<div id=\"pl-5\"  class=\"panel-layout\" >\n<div id=\"pg-5-0\"  class=\"panel-grid panel-no-style\"  data-style=\"{&quot;background_image_attachment&quot;:false,&quot;background_display&quot;:&quot;tile&quot;,&quot;cell_alignment&quot;:&quot;flex-start&quot;}\"  data-ratio=\"1\"  data-ratio-direction=\"right\" >\n<div id=\"pgc-5-0-0\"  class=\"panel-grid-cell\"  data-weight=\"1\" >\n<div id=\"panel-5-0-0-0\" class=\"so-panel widget widget_sow-editor panel-first-child\" data-index=\"0\" data-style=\"{&quot;background_image_attachment&quot;:false,&quot;background_display&quot;:&quot;tile&quot;}\" >\n<div class=\"so-widget-sow-editor so-widget-sow-editor-base\">\n<div class=\"siteorigin-widget-tinymce textwidget\">\n\t\t\t<div class=\"wppsac-wrap wppsac-slick-slider-wrp wppsac-clearfix \" data-conf=\"{&quot;dots&quot;:&quot;true&quot;,&quot;arrows&quot;:&quot;true&quot;,&quot;autoplay&quot;:&quot;true&quot;,&quot;autoplay_interval&quot;:3000,&quot;speed&quot;:500,&quot;rtl&quot;:&quot;false&quot;,&quot;lazyload&quot;:&quot;&quot;}\">\r\n\t\t\t<div id=\"wppsac-post-slider-1\" class=\"wppsac-post-slider-init wppsac-post-slider design-1\">\r\n\t\t\t\t<div class=\"wppsac-post-slides\">\r\n\t<div class=\"wppsac-post-content-position\">\r\n\t\t<div class=\"wppsac-post-content-left wp-medium-8 wpcolumns\">\r\n\t\t\t\t\t\t<div class=\"wppsac-post-categories\"><ul class=\"wppsac-post-categories-list\"><li><a href=\"http:\/\/virusmusik.de\/magazin\/?cat=381\">slider_startseite<\/a><\/li><li><a href=\"http:\/\/virusmusik.de\/magazin\/?cat=667\">Startseite<\/a><\/li><li><a href=\"http:\/\/virusmusik.de\/magazin\/?cat=4\">Veranstaltungen<\/a><\/li><li><a href=\"http:\/\/virusmusik.de\/magazin\/?cat=62\">VirusMusik<\/a><\/li><\/ul><\/div>\r\n\t\t\t\r\n\t\t\t<h2 class=\"wppsac-post-title\">\r\n\t\t\t\t<a href=\"http:\/\/virusmusik.de\/magazin\/?p=17785\">Die zweite NewcomerTV Nacht 2026 in der Portstrasse Jugend &#038; Kultur.<\/a>\r\n\t\t\t<\/h2>\r\n\r\n\t\t\t\t\t\t<div class=\"wppsac-post-date\">\r\n\t\t\t\t\t\t\t\t\t<span>By seppl<\/span>\r\n\t\t\t\t \/ 24. April 2026\t\t\t<\/div>\r\n\t\t\t\t\t\t<div class=\"wppsac-post-content\">\r\n\t\t\t\t<div class=\"wppsac-sub-content\">NewcomerTV, VirusMusikRadio und die Portstrasse Jugend &amp;Kultur pr\u00e4sentieren: Die zweite NewcomerTV Nacht 2026 in der Portstrasse Jugend &amp; Kultur, am...<\/div>\r\n\t\t\t\t\r\n\t\t\t\t\t\t\t\t<a class=\"wppsac-readmorebtn\" href=\"http:\/\/virusmusik.de\/magazin\/?p=17785\">Read More<\/a>\r\n\t\t\t\t\t\t\t<\/div>\r\n\t\t\t\t\t<\/div>\r\n\t\t<div class=\"wppsac-post-image-bg\">\r\n\t\t\t<a href=\"http:\/\/virusmusik.de\/magazin\/?p=17785\">\r\n\t\t\t\t\t\t\t\t<img decoding=\"async\" class=\"wppsac-post-image\"  src=\"http:\/\/virusmusik.de\/magazin\/wp-content\/uploads\/2026\/04\/02-Kopfdatei-zweite-NewcomerTV-Nacht-Mai-2026-Wiederhergestellt-e1777003350488.jpg\" alt=\"Die zweite NewcomerTV Nacht 2026 in der Portstrasse Jugend &#038; Kultur.\" \/>\r\n\t\t\t\t\t\t\t<\/a>\r\n\t\t<\/div>\r\n\t<\/div>\r\n<\/div><div class=\"wppsac-post-slides\">\r\n\t<div class=\"wppsac-post-content-position\">\r\n\t\t<div class=\"wppsac-post-content-left wp-medium-8 wpcolumns\">\r\n\t\t\t\t\t\t<div class=\"wppsac-post-categories\"><ul class=\"wppsac-post-categories-list\"><li><a href=\"http:\/\/virusmusik.de\/magazin\/?cat=1\">Allgemein<\/a><\/li><li><a href=\"http:\/\/virusmusik.de\/magazin\/?cat=7\">H\u00f6rnerv<\/a><\/li><li><a href=\"http:\/\/virusmusik.de\/magazin\/?cat=691\">OF-Scene<\/a><\/li><li><a href=\"http:\/\/virusmusik.de\/magazin\/?cat=381\">slider_startseite<\/a><\/li><li><a href=\"http:\/\/virusmusik.de\/magazin\/?cat=667\">Startseite<\/a><\/li><li><a href=\"http:\/\/virusmusik.de\/magazin\/?cat=4\">Veranstaltungen<\/a><\/li><\/ul><\/div>\r\n\t\t\t\r\n\t\t\t<h2 class=\"wppsac-post-title\">\r\n\t\t\t\t<a href=\"http:\/\/virusmusik.de\/magazin\/?p=17767\">HURRA &#8211; die Open Air Festival Saison startet am 30.04. mit ROCK IN DEN MAI !<\/a>\r\n\t\t\t<\/h2>\r\n\r\n\t\t\t\t\t\t<div class=\"wppsac-post-date\">\r\n\t\t\t\t\t\t\t\t\t<span>By Bernd<\/span>\r\n\t\t\t\t \/ 13. April 2026\t\t\t<\/div>\r\n\t\t\t\t\t\t<div class=\"wppsac-post-content\">\r\n\t\t\t\t<div class=\"wppsac-sub-content\">Liebe Freunde &amp; Freundinnen der gepflegten handgemachten Livemusik, wir k\u00f6nnen es kaum erwarten \u2013 endlich startet die Open Air Festival...<\/div>\r\n\t\t\t\t\r\n\t\t\t\t\t\t\t\t<a class=\"wppsac-readmorebtn\" href=\"http:\/\/virusmusik.de\/magazin\/?p=17767\">Read More<\/a>\r\n\t\t\t\t\t\t\t<\/div>\r\n\t\t\t\t\t<\/div>\r\n\t\t<div class=\"wppsac-post-image-bg\">\r\n\t\t\t<a href=\"http:\/\/virusmusik.de\/magazin\/?p=17767\">\r\n\t\t\t\t\t\t\t\t<img decoding=\"async\" class=\"wppsac-post-image\"  src=\"http:\/\/virusmusik.de\/magazin\/wp-content\/uploads\/2026\/04\/Marshall-Amps-Kommune-2010.jpg\" alt=\"HURRA &#8211; die Open Air Festival Saison startet am 30.04. mit ROCK IN DEN MAI !\" \/>\r\n\t\t\t\t\t\t\t<\/a>\r\n\t\t<\/div>\r\n\t<\/div>\r\n<\/div><div class=\"wppsac-post-slides\">\r\n\t<div class=\"wppsac-post-content-position\">\r\n\t\t<div class=\"wppsac-post-content-left wp-medium-8 wpcolumns\">\r\n\t\t\t\t\t\t<div class=\"wppsac-post-categories\"><ul class=\"wppsac-post-categories-list\"><li><a href=\"http:\/\/virusmusik.de\/magazin\/?cat=1\">Allgemein<\/a><\/li><li><a href=\"http:\/\/virusmusik.de\/magazin\/?cat=691\">OF-Scene<\/a><\/li><li><a href=\"http:\/\/virusmusik.de\/magazin\/?cat=26\">Playlist<\/a><\/li><li><a href=\"http:\/\/virusmusik.de\/magazin\/?cat=381\">slider_startseite<\/a><\/li><li><a href=\"http:\/\/virusmusik.de\/magazin\/?cat=667\">Startseite<\/a><\/li><li><a href=\"http:\/\/virusmusik.de\/magazin\/?cat=3\">VirusMusikRadio<\/a><\/li><\/ul><\/div>\r\n\t\t\t\r\n\t\t\t<h2 class=\"wppsac-post-title\">\r\n\t\t\t\t<a href=\"http:\/\/virusmusik.de\/magazin\/?p=17748\">Zu Gast bei radio x : PAULI &#038; TONG\u00c4RTNER bei Niels\u00b4s OF-Scene &#8211; mit Live Set<\/a>\r\n\t\t\t<\/h2>\r\n\r\n\t\t\t\t\t\t<div class=\"wppsac-post-date\">\r\n\t\t\t\t\t\t\t\t\t<span>By Bernd<\/span>\r\n\t\t\t\t \/ 7. April 2026\t\t\t<\/div>\r\n\t\t\t\t\t\t<div class=\"wppsac-post-content\">\r\n\t\t\t\t<div class=\"wppsac-sub-content\">Den Podcast zur Radioshow vom 7.04. gibt\u00b4s f\u00fcr die n\u00e4chsten 7 Tage hier:Frankfurts unabh\u00e4ngiges, werbefreies Stadtradio - radio x |...<\/div>\r\n\t\t\t\t\r\n\t\t\t\t\t\t\t\t<a class=\"wppsac-readmorebtn\" href=\"http:\/\/virusmusik.de\/magazin\/?p=17748\">Read More<\/a>\r\n\t\t\t\t\t\t\t<\/div>\r\n\t\t\t\t\t<\/div>\r\n\t\t<div class=\"wppsac-post-image-bg\">\r\n\t\t\t<a href=\"http:\/\/virusmusik.de\/magazin\/?p=17748\">\r\n\t\t\t\t\t\t\t\t<img decoding=\"async\" class=\"wppsac-post-image\"  src=\"http:\/\/virusmusik.de\/magazin\/wp-content\/uploads\/2026\/04\/Fuesse-scaled.jpg\" alt=\"Zu Gast bei radio x : PAULI &#038; TONG\u00c4RTNER bei Niels\u00b4s OF-Scene &#8211; mit Live Set\" \/>\r\n\t\t\t\t\t\t\t<\/a>\r\n\t\t<\/div>\r\n\t<\/div>\r\n<\/div><div class=\"wppsac-post-slides\">\r\n\t<div class=\"wppsac-post-content-position\">\r\n\t\t<div class=\"wppsac-post-content-left wp-medium-8 wpcolumns\">\r\n\t\t\t\t\t\t<div class=\"wppsac-post-categories\"><ul class=\"wppsac-post-categories-list\"><li><a href=\"http:\/\/virusmusik.de\/magazin\/?cat=1\">Allgemein<\/a><\/li><li><a href=\"http:\/\/virusmusik.de\/magazin\/?cat=381\">slider_startseite<\/a><\/li><li><a href=\"http:\/\/virusmusik.de\/magazin\/?cat=667\">Startseite<\/a><\/li><li><a href=\"http:\/\/virusmusik.de\/magazin\/?cat=4\">Veranstaltungen<\/a><\/li><\/ul><\/div>\r\n\t\t\t\r\n\t\t\t<h2 class=\"wppsac-post-title\">\r\n\t\t\t\t<a href=\"http:\/\/virusmusik.de\/magazin\/?p=17738\">Open Call: \u201cDer Ozean beginnt in Frankfurt.\u201d<\/a>\r\n\t\t\t<\/h2>\r\n\r\n\t\t\t\t\t\t<div class=\"wppsac-post-date\">\r\n\t\t\t\t\t\t\t\t\t<span>By seppl<\/span>\r\n\t\t\t\t \/ 6. April 2026\t\t\t<\/div>\r\n\t\t\t\t\t\t<div class=\"wppsac-post-content\">\r\n\t\t\t\t<div class=\"wppsac-sub-content\">Festivalzeitraum: 24.07.\u201309.08.2026 Deadline: 19.04.2026 Bewerbung: \u00fcber unsere Website\u00a0www.sommerwerft.de - oder unter: radio@virusmusik.de An alle K\u00fcnstler*innen aus Theater, Tanz, Performance, Musik,...<\/div>\r\n\t\t\t\t\r\n\t\t\t\t\t\t\t\t<a class=\"wppsac-readmorebtn\" href=\"http:\/\/virusmusik.de\/magazin\/?p=17738\">Read More<\/a>\r\n\t\t\t\t\t\t\t<\/div>\r\n\t\t\t\t\t<\/div>\r\n\t\t<div class=\"wppsac-post-image-bg\">\r\n\t\t\t<a href=\"http:\/\/virusmusik.de\/magazin\/?p=17738\">\r\n\t\t\t\t\t\t\t\t<img decoding=\"async\" class=\"wppsac-post-image\"  src=\"http:\/\/virusmusik.de\/magazin\/wp-content\/uploads\/2026\/04\/01-Plakat-und-Instagram_Zeichenflaeche-1_Zeichenflaeche-1-1-scaled.jpg\" alt=\"Open Call: \u201cDer Ozean beginnt in Frankfurt.\u201d\" \/>\r\n\t\t\t\t\t\t\t<\/a>\r\n\t\t<\/div>\r\n\t<\/div>\r\n<\/div><div class=\"wppsac-post-slides\">\r\n\t<div class=\"wppsac-post-content-position\">\r\n\t\t<div class=\"wppsac-post-content-left wp-medium-8 wpcolumns\">\r\n\t\t\t\t\t\t<div class=\"wppsac-post-categories\"><ul class=\"wppsac-post-categories-list\"><li><a href=\"http:\/\/virusmusik.de\/magazin\/?cat=1\">Allgemein<\/a><\/li><li><a href=\"http:\/\/virusmusik.de\/magazin\/?cat=381\">slider_startseite<\/a><\/li><li><a href=\"http:\/\/virusmusik.de\/magazin\/?cat=667\">Startseite<\/a><\/li><li><a href=\"http:\/\/virusmusik.de\/magazin\/?cat=4\">Veranstaltungen<\/a><\/li><\/ul><\/div>\r\n\t\t\t\r\n\t\t\t<h2 class=\"wppsac-post-title\">\r\n\t\t\t\t<a href=\"http:\/\/virusmusik.de\/magazin\/?p=17694\">25.04. EMOM_Ffm Backstreet Bar, Alright!<\/a>\r\n\t\t\t<\/h2>\r\n\r\n\t\t\t\t\t\t<div class=\"wppsac-post-date\">\r\n\t\t\t\t\t\t\t\t\t<span>By Paul<\/span>\r\n\t\t\t\t \/ 9. M\u00e4rz 2026\t\t\t<\/div>\r\n\t\t\t\t\t\t<div class=\"wppsac-post-content\">\r\n\t\t\t\t<div class=\"wppsac-sub-content\">Electronic Music Open Mic \u2013 eine offene B\u00fchne f\u00fcr elektronische Live-Performances: Synths, Drum Machines, Improvisation. Keine DJs. Nur Live-Elektronik. www.backstreetbar-frankfurt.de...<\/div>\r\n\t\t\t\t\r\n\t\t\t\t\t\t\t\t<a class=\"wppsac-readmorebtn\" href=\"http:\/\/virusmusik.de\/magazin\/?p=17694\">Read More<\/a>\r\n\t\t\t\t\t\t\t<\/div>\r\n\t\t\t\t\t<\/div>\r\n\t\t<div class=\"wppsac-post-image-bg\">\r\n\t\t\t<a href=\"http:\/\/virusmusik.de\/magazin\/?p=17694\">\r\n\t\t\t\t\t\t\t\t<img decoding=\"async\" class=\"wppsac-post-image\"  src=\"http:\/\/virusmusik.de\/magazin\/wp-content\/uploads\/2026\/03\/emom_ffm_bsb.png\" alt=\"25.04. EMOM_Ffm Backstreet Bar, Alright!\" \/>\r\n\t\t\t\t\t\t\t<\/a>\r\n\t\t<\/div>\r\n\t<\/div>\r\n<\/div><div class=\"wppsac-post-slides\">\r\n\t<div class=\"wppsac-post-content-position\">\r\n\t\t<div class=\"wppsac-post-content-left wp-medium-8 wpcolumns\">\r\n\t\t\t\t\t\t<div class=\"wppsac-post-categories\"><ul class=\"wppsac-post-categories-list\"><li><a href=\"http:\/\/virusmusik.de\/magazin\/?cat=381\">slider_startseite<\/a><\/li><li><a href=\"http:\/\/virusmusik.de\/magazin\/?cat=667\">Startseite<\/a><\/li><li><a href=\"http:\/\/virusmusik.de\/magazin\/?cat=4\">Veranstaltungen<\/a><\/li><\/ul><\/div>\r\n\t\t\t\r\n\t\t\t<h2 class=\"wppsac-post-title\">\r\n\t\t\t\t<a href=\"http:\/\/virusmusik.de\/magazin\/?p=16165\">Werdet Teil des VirusMusik-Kick e.V. F\u00f6rdervereins<\/a>\r\n\t\t\t<\/h2>\r\n\r\n\t\t\t\t\t\t<div class=\"wppsac-post-date\">\r\n\t\t\t\t\t\t\t\t\t<span>By seppl<\/span>\r\n\t\t\t\t \/ 20. Januar 2026\t\t\t<\/div>\r\n\t\t\t\t\t\t<div class=\"wppsac-post-content\">\r\n\t\t\t\t<div class=\"wppsac-sub-content\">Hallo ihr Menschen da drau\u00dfen, VirusMusik-Kick e.V. ist die Plattform f\u00fcr die regionale Musikszene. Der Verein zur F\u00f6rderung der Livemusikkultur...<\/div>\r\n\t\t\t\t\r\n\t\t\t\t\t\t\t\t<a class=\"wppsac-readmorebtn\" href=\"http:\/\/virusmusik.de\/magazin\/?p=16165\">Read More<\/a>\r\n\t\t\t\t\t\t\t<\/div>\r\n\t\t\t\t\t<\/div>\r\n\t\t<div class=\"wppsac-post-image-bg\">\r\n\t\t\t<a href=\"http:\/\/virusmusik.de\/magazin\/?p=16165\">\r\n\t\t\t\t\t\t\t\t<img decoding=\"async\" class=\"wppsac-post-image\"  src=\"http:\/\/virusmusik.de\/magazin\/wp-content\/uploads\/2025\/05\/00-Kopfdatei-e1768766806893.jpg\" alt=\"Werdet Teil des VirusMusik-Kick e.V. F\u00f6rdervereins\" \/>\r\n\t\t\t\t\t\t\t<\/a>\r\n\t\t<\/div>\r\n\t<\/div>\r\n<\/div>\t\t\t<\/div>\r\n\t\t<\/div>\r\n\t<\/p>\n<\/div>\n<\/div>\n<\/div>\n<div id=\"panel-5-0-0-1\" class=\"so-panel widget widget_sow-editor\" data-index=\"1\" data-style=\"{&quot;background_image_attachment&quot;:false,&quot;background_display&quot;:&quot;tile&quot;}\" >\n<div class=\"so-widget-sow-editor so-widget-sow-editor-base\">\n<div class=\"siteorigin-widget-tinymce textwidget\">\n\t<\/div>\n<\/div>\n<\/div>\n<div id=\"panel-5-0-0-2\" class=\"so-panel widget widget_sow-editor\" data-index=\"2\" data-style=\"{&quot;background_image_attachment&quot;:false,&quot;background_display&quot;:&quot;tile&quot;}\" >\n<div class=\"so-widget-sow-editor so-widget-sow-editor-base\">\n<div class=\"siteorigin-widget-tinymce textwidget\">\n<h1>Veranstaltungen<\/h1>\n<div class=\"pt-cv-wrapper\"><div class=\"pt-cv-view pt-cv-grid pt-cv-colsys\" id=\"pt-cv-view-9789e6av4w\"><div data-id=\"pt-cv-page-1\" class=\"pt-cv-page\" data-cvc=\"2\"><div class=\"col-md-6 col-sm-6 col-xs-12 pt-cv-content-item pt-cv-1-col\" ><div class='pt-cv-ifield'><a href=\"http:\/\/virusmusik.de\/magazin\/?p=17785\" class=\"_self pt-cv-href-thumbnail pt-cv-thumb-default\" target=\"_self\" ><img loading=\"lazy\" decoding=\"async\" width=\"900\" height=\"544\" src=\"http:\/\/virusmusik.de\/magazin\/wp-content\/uploads\/2026\/04\/02-Kopfdatei-zweite-NewcomerTV-Nacht-Mai-2026-Wiederhergestellt-e1777003350488.jpg\" class=\"pt-cv-thumbnail\" alt=\"\" \/><\/a>\n<h4 class=\"pt-cv-title\"><a href=\"http:\/\/virusmusik.de\/magazin\/?p=17785\" class=\"_self\" target=\"_self\" >Die zweite NewcomerTV Nacht 2026 in der Portstrasse Jugend &#038; Kultur.<\/a><\/h4>\n<div class=\"pt-cv-content\">NewcomerTV, VirusMusikRadio und die Portstrasse Jugend &amp;Kultur pr\u00e4sentieren: Die zweite NewcomerTV Nacht 2026 in der Portstrasse Jugend &amp; Kultur, am ...<br \/><div class=\"pt-cv-rmwrap\"><a href=\"http:\/\/virusmusik.de\/magazin\/?p=17785\" class=\"_self pt-cv-readmore btn btn-success\" target=\"_self\">Weiterlesen \u2026<\/a><\/div><\/div><\/div><\/div>\n<div class=\"col-md-6 col-sm-6 col-xs-12 pt-cv-content-item pt-cv-1-col\" ><div class='pt-cv-ifield'><a href=\"http:\/\/virusmusik.de\/magazin\/?p=17767\" class=\"_self pt-cv-href-thumbnail pt-cv-thumb-default\" target=\"_self\" ><img loading=\"lazy\" decoding=\"async\" width=\"2560\" height=\"1707\" src=\"http:\/\/virusmusik.de\/magazin\/wp-content\/uploads\/2026\/04\/Marshall-Amps-Kommune-2010.jpg\" class=\"pt-cv-thumbnail\" alt=\"\" srcset=\"http:\/\/virusmusik.de\/magazin\/wp-content\/uploads\/2026\/04\/Marshall-Amps-Kommune-2010.jpg 2560w, http:\/\/virusmusik.de\/magazin\/wp-content\/uploads\/2026\/04\/Marshall-Amps-Kommune-2010-300x200.jpg 300w, http:\/\/virusmusik.de\/magazin\/wp-content\/uploads\/2026\/04\/Marshall-Amps-Kommune-2010-1024x683.jpg 1024w, http:\/\/virusmusik.de\/magazin\/wp-content\/uploads\/2026\/04\/Marshall-Amps-Kommune-2010-768x512.jpg 768w, http:\/\/virusmusik.de\/magazin\/wp-content\/uploads\/2026\/04\/Marshall-Amps-Kommune-2010-1536x1024.jpg 1536w, http:\/\/virusmusik.de\/magazin\/wp-content\/uploads\/2026\/04\/Marshall-Amps-Kommune-2010-2048x1366.jpg 2048w\" sizes=\"auto, (max-width: 2560px) 100vw, 2560px\" \/><\/a>\n<h4 class=\"pt-cv-title\"><a href=\"http:\/\/virusmusik.de\/magazin\/?p=17767\" class=\"_self\" target=\"_self\" >HURRA &#8211; die Open Air Festival Saison startet am 30.04. mit ROCK IN DEN MAI !<\/a><\/h4>\n<div class=\"pt-cv-content\">Liebe Freunde &amp; Freundinnen der gepflegten handgemachten Livemusik, wir k\u00f6nnen es kaum erwarten \u2013 endlich startet die Open Air Festival ...<br \/><div class=\"pt-cv-rmwrap\"><a href=\"http:\/\/virusmusik.de\/magazin\/?p=17767\" class=\"_self pt-cv-readmore btn btn-success\" target=\"_self\">Weiterlesen \u2026<\/a><\/div><\/div><\/div><\/div>\n<div class=\"col-md-6 col-sm-6 col-xs-12 pt-cv-content-item pt-cv-1-col\" ><div class='pt-cv-ifield'><a href=\"http:\/\/virusmusik.de\/magazin\/?p=17738\" class=\"_self pt-cv-href-thumbnail pt-cv-thumb-default\" target=\"_self\" ><img loading=\"lazy\" decoding=\"async\" width=\"2560\" height=\"1440\" src=\"http:\/\/virusmusik.de\/magazin\/wp-content\/uploads\/2026\/04\/01-Plakat-und-Instagram_Zeichenflaeche-1_Zeichenflaeche-1-1-scaled.jpg\" class=\"pt-cv-thumbnail\" alt=\"\" srcset=\"http:\/\/virusmusik.de\/magazin\/wp-content\/uploads\/2026\/04\/01-Plakat-und-Instagram_Zeichenflaeche-1_Zeichenflaeche-1-1-scaled.jpg 2560w, http:\/\/virusmusik.de\/magazin\/wp-content\/uploads\/2026\/04\/01-Plakat-und-Instagram_Zeichenflaeche-1_Zeichenflaeche-1-1-300x169.jpg 300w, http:\/\/virusmusik.de\/magazin\/wp-content\/uploads\/2026\/04\/01-Plakat-und-Instagram_Zeichenflaeche-1_Zeichenflaeche-1-1-1024x576.jpg 1024w, http:\/\/virusmusik.de\/magazin\/wp-content\/uploads\/2026\/04\/01-Plakat-und-Instagram_Zeichenflaeche-1_Zeichenflaeche-1-1-768x432.jpg 768w, http:\/\/virusmusik.de\/magazin\/wp-content\/uploads\/2026\/04\/01-Plakat-und-Instagram_Zeichenflaeche-1_Zeichenflaeche-1-1-1536x864.jpg 1536w, http:\/\/virusmusik.de\/magazin\/wp-content\/uploads\/2026\/04\/01-Plakat-und-Instagram_Zeichenflaeche-1_Zeichenflaeche-1-1-2048x1152.jpg 2048w\" sizes=\"auto, (max-width: 2560px) 100vw, 2560px\" \/><\/a>\n<h4 class=\"pt-cv-title\"><a href=\"http:\/\/virusmusik.de\/magazin\/?p=17738\" class=\"_self\" target=\"_self\" >Open Call: \u201cDer Ozean beginnt in Frankfurt.\u201d<\/a><\/h4>\n<div class=\"pt-cv-content\">Festivalzeitraum: 24.07.\u201309.08.2026 Deadline: 19.04.2026 Bewerbung: \u00fcber unsere Website\u00a0www.sommerwerft.de - oder unter: radio@virusmusik.de An alle K\u00fcnstler*innen aus Theater, Tanz, Performance, Musik, ...<br \/><div class=\"pt-cv-rmwrap\"><a href=\"http:\/\/virusmusik.de\/magazin\/?p=17738\" class=\"_self pt-cv-readmore btn btn-success\" target=\"_self\">Weiterlesen \u2026<\/a><\/div><\/div><\/div><\/div>\n<div class=\"col-md-6 col-sm-6 col-xs-12 pt-cv-content-item pt-cv-1-col\" ><div class='pt-cv-ifield'><a href=\"http:\/\/virusmusik.de\/magazin\/?p=17694\" class=\"_self pt-cv-href-thumbnail pt-cv-thumb-default\" target=\"_self\" ><img loading=\"lazy\" decoding=\"async\" width=\"1568\" height=\"2048\" src=\"http:\/\/virusmusik.de\/magazin\/wp-content\/uploads\/2026\/03\/emom_ffm_bsb.png\" class=\"pt-cv-thumbnail\" alt=\"\" srcset=\"http:\/\/virusmusik.de\/magazin\/wp-content\/uploads\/2026\/03\/emom_ffm_bsb.png 1568w, http:\/\/virusmusik.de\/magazin\/wp-content\/uploads\/2026\/03\/emom_ffm_bsb-230x300.png 230w, http:\/\/virusmusik.de\/magazin\/wp-content\/uploads\/2026\/03\/emom_ffm_bsb-784x1024.png 784w, http:\/\/virusmusik.de\/magazin\/wp-content\/uploads\/2026\/03\/emom_ffm_bsb-768x1003.png 768w, http:\/\/virusmusik.de\/magazin\/wp-content\/uploads\/2026\/03\/emom_ffm_bsb-1176x1536.png 1176w\" sizes=\"auto, (max-width: 1568px) 100vw, 1568px\" \/><\/a>\n<h4 class=\"pt-cv-title\"><a href=\"http:\/\/virusmusik.de\/magazin\/?p=17694\" class=\"_self\" target=\"_self\" >25.04. EMOM_Ffm Backstreet Bar, Alright!<\/a><\/h4>\n<div class=\"pt-cv-content\">Electronic Music Open Mic \u2013 eine offene B\u00fchne f\u00fcr elektronische Live-Performances: Synths, Drum Machines, Improvisation. Keine DJs. Nur Live-Elektronik. www.backstreetbar-frankfurt.de ...<br \/><div class=\"pt-cv-rmwrap\"><a href=\"http:\/\/virusmusik.de\/magazin\/?p=17694\" class=\"_self pt-cv-readmore btn btn-success\" target=\"_self\">Weiterlesen \u2026<\/a><\/div><\/div><\/div><\/div>\n<div class=\"col-md-6 col-sm-6 col-xs-12 pt-cv-content-item pt-cv-1-col\" ><div class='pt-cv-ifield'><a href=\"http:\/\/virusmusik.de\/magazin\/?p=16165\" class=\"_self pt-cv-href-thumbnail pt-cv-thumb-default\" target=\"_self\" ><img loading=\"lazy\" decoding=\"async\" width=\"900\" height=\"515\" src=\"http:\/\/virusmusik.de\/magazin\/wp-content\/uploads\/2025\/05\/00-Kopfdatei-e1768766806893.jpg\" class=\"pt-cv-thumbnail\" alt=\"\" \/><\/a>\n<h4 class=\"pt-cv-title\"><a href=\"http:\/\/virusmusik.de\/magazin\/?p=16165\" class=\"_self\" target=\"_self\" >Werdet Teil des VirusMusik-Kick e.V. F\u00f6rdervereins<\/a><\/h4>\n<div class=\"pt-cv-content\">Hallo ihr Menschen da drau\u00dfen, VirusMusik-Kick e.V. ist die Plattform f\u00fcr die regionale Musikszene. Der Verein zur F\u00f6rderung der Livemusikkultur ...<br \/><div class=\"pt-cv-rmwrap\"><a href=\"http:\/\/virusmusik.de\/magazin\/?p=16165\" class=\"_self pt-cv-readmore btn btn-success\" target=\"_self\">Weiterlesen \u2026<\/a><\/div><\/div><\/div><\/div><\/div><\/div><\/div><\/div>\n<\/div>\n<\/div>\n<div id=\"panel-5-0-0-3\" class=\"so-panel widget widget_sow-editor panel-last-child\" data-index=\"3\" data-style=\"{&quot;background_image_attachment&quot;:false,&quot;background_display&quot;:&quot;tile&quot;}\" >\n<div class=\"so-widget-sow-editor so-widget-sow-editor-base\">\n<div class=\"siteorigin-widget-tinymce textwidget\">\n<h1>VirusMusikRadio<\/h1>\n<div class=\"pt-cv-wrapper\"><div class=\"pt-cv-view pt-cv-grid pt-cv-colsys\" id=\"pt-cv-view-76d47c81fx\"><div data-id=\"pt-cv-page-1\" class=\"pt-cv-page\" data-cvc=\"2\"><div class=\"col-md-6 col-sm-6 col-xs-12 pt-cv-content-item pt-cv-1-col\" ><div class='pt-cv-ifield'><a href=\"http:\/\/virusmusik.de\/magazin\/?p=17748\" class=\"_self pt-cv-href-thumbnail pt-cv-thumb-default\" target=\"_self\" ><img loading=\"lazy\" decoding=\"async\" width=\"1920\" height=\"2560\" src=\"http:\/\/virusmusik.de\/magazin\/wp-content\/uploads\/2026\/04\/Fuesse-scaled.jpg\" class=\"pt-cv-thumbnail\" alt=\"\" srcset=\"http:\/\/virusmusik.de\/magazin\/wp-content\/uploads\/2026\/04\/Fuesse-scaled.jpg 1920w, http:\/\/virusmusik.de\/magazin\/wp-content\/uploads\/2026\/04\/Fuesse-225x300.jpg 225w, http:\/\/virusmusik.de\/magazin\/wp-content\/uploads\/2026\/04\/Fuesse-768x1024.jpg 768w, http:\/\/virusmusik.de\/magazin\/wp-content\/uploads\/2026\/04\/Fuesse-1152x1536.jpg 1152w, http:\/\/virusmusik.de\/magazin\/wp-content\/uploads\/2026\/04\/Fuesse-1536x2048.jpg 1536w\" sizes=\"auto, (max-width: 1920px) 100vw, 1920px\" \/><\/a>\n<h4 class=\"pt-cv-title\"><a href=\"http:\/\/virusmusik.de\/magazin\/?p=17748\" class=\"_self\" target=\"_self\" >Zu Gast bei radio x : PAULI &#038; TONG\u00c4RTNER bei Niels\u00b4s OF-Scene &#8211; mit Live Set<\/a><\/h4>\n<div class=\"pt-cv-content\">Den Podcast zur Radioshow vom 7.04. gibt\u00b4s f\u00fcr die n\u00e4chsten 7 Tage hier:Frankfurts unabh\u00e4ngiges, werbefreies Stadtradio - radio x | ...<br \/><div class=\"pt-cv-rmwrap\"><a href=\"http:\/\/virusmusik.de\/magazin\/?p=17748\" class=\"_self pt-cv-readmore btn btn-success\" target=\"_self\">Weiterlesen \u2026<\/a><\/div><\/div><\/div><\/div>\n<div class=\"col-md-6 col-sm-6 col-xs-12 pt-cv-content-item pt-cv-1-col\" ><div class='pt-cv-ifield'><a href=\"http:\/\/virusmusik.de\/magazin\/?p=17720\" class=\"_self pt-cv-href-thumbnail pt-cv-thumb-default\" target=\"_self\" ><img loading=\"lazy\" decoding=\"async\" width=\"960\" height=\"641\" src=\"http:\/\/virusmusik.de\/magazin\/wp-content\/uploads\/2026\/03\/Low-Budget-Kings.jpg\" class=\"pt-cv-thumbnail\" alt=\"\" srcset=\"http:\/\/virusmusik.de\/magazin\/wp-content\/uploads\/2026\/03\/Low-Budget-Kings.jpg 960w, http:\/\/virusmusik.de\/magazin\/wp-content\/uploads\/2026\/03\/Low-Budget-Kings-300x200.jpg 300w, http:\/\/virusmusik.de\/magazin\/wp-content\/uploads\/2026\/03\/Low-Budget-Kings-768x513.jpg 768w\" sizes=\"auto, (max-width: 960px) 100vw, 960px\" \/><\/a>\n<h4 class=\"pt-cv-title\"><a href=\"http:\/\/virusmusik.de\/magazin\/?p=17720\" class=\"_self\" target=\"_self\" >H\u00f6rnerv # 463 mit einer hei\u00dfen Konzert- u. Festivalvorschau<\/a><\/h4>\n<div class=\"pt-cv-content\">Den Podcast der Radioshow vom 1. April gibt\u00b4s f\u00fcr die n\u00e4chsten 7\u00a0 Tage hier auf Eurem Lieblingssender radio x +7 ...<br \/><div class=\"pt-cv-rmwrap\"><a href=\"http:\/\/virusmusik.de\/magazin\/?p=17720\" class=\"_self pt-cv-readmore btn btn-success\" target=\"_self\">Weiterlesen \u2026<\/a><\/div><\/div><\/div><\/div><\/div><\/div><\/div><\/div>\n<\/div>\n<\/div>\n<\/div>\n<\/div>\n<\/div>\n","protected":false},"excerpt":{"rendered":"<p>Veranstaltungen VirusMusikRadio<\/p>\n","protected":false},"author":1,"featured_media":0,"parent":0,"menu_order":0,"comment_status":"closed","ping_status":"closed","template":"","meta":{"_mc_calendar":[],"footnotes":""},"class_list":["post-5","page","type-page","status-publish","hentry"],"_links":{"self":[{"href":"http:\/\/virusmusik.de\/magazin\/index.php?rest_route=\/wp\/v2\/pages\/5","targetHints":{"allow":["GET"]}}],"collection":[{"href":"http:\/\/virusmusik.de\/magazin\/index.php?rest_route=\/wp\/v2\/pages"}],"about":[{"href":"http:\/\/virusmusik.de\/magazin\/index.php?rest_route=\/wp\/v2\/types\/page"}],"author":[{"embeddable":true,"href":"http:\/\/virusmusik.de\/magazin\/index.php?rest_route=\/wp\/v2\/users\/1"}],"replies":[{"embeddable":true,"href":"http:\/\/virusmusik.de\/magazin\/index.php?rest_route=%2Fwp%2Fv2%2Fcomments&post=5"}],"version-history":[{"count":15,"href":"http:\/\/virusmusik.de\/magazin\/index.php?rest_route=\/wp\/v2\/pages\/5\/revisions"}],"predecessor-version":[{"id":10191,"href":"http:\/\/virusmusik.de\/magazin\/index.php?rest_route=\/wp\/v2\/pages\/5\/revisions\/10191"}],"wp:attachment":[{"href":"http:\/\/virusmusik.de\/magazin\/index.php?rest_route=%2Fwp%2Fv2%2Fmedia&parent=5"}],"curies":[{"name":"wp","href":"https:\/\/api.w.org\/{rel}","templated":true}]}}